{"version":"1.0","provider_name":"Alambic Production","provider_url":"https:\/\/alambicproduction.com\/fr\/","author_name":"amodir","author_url":"https:\/\/alambicproduction.com\/fr\/author\/amodir\/","title":"Thierry Mugler, Couturissime au Mus\u00e9e des Arts D\u00e9coratifs - Alambic Production","type":"rich","width":600,"height":338,"html":"<blockquote class=\"wp-embedded-content\" data-secret=\"foGkCsL66w\"><a href=\"https:\/\/alambicproduction.com\/fr\/franz-west-22\/\">Thierry Mugler, Couturissime au Mus\u00e9e des Arts D\u00e9coratifs<\/a><\/blockquote><iframe sandbox=\"allow-scripts\" security=\"restricted\" src=\"https:\/\/alambicproduction.com\/fr\/franz-west-22\/embed\/#?secret=foGkCsL66w\" width=\"600\" height=\"338\" title=\"\u00ab\u00a0Thierry Mugler, Couturissime au Mus\u00e9e des Arts D\u00e9coratifs\u00a0\u00bb &#8212; Alambic Production\" data-secret=\"foGkCsL66w\" frameborder=\"0\" marginwidth=\"0\" marginheight=\"0\" scrolling=\"no\" class=\"wp-embedded-content\"><\/iframe><script type=\"text\/javascript\">\n\/* <![CDATA[ *\/\n\/*! This file is auto-generated *\/\n!function(d,l){\"use strict\";l.querySelector&&d.addEventListener&&\"undefined\"!=typeof URL&&(d.wp=d.wp||{},d.wp.receiveEmbedMessage||(d.wp.receiveEmbedMessage=function(e){var t=e.data;if((t||t.secret||t.message||t.value)&&!\/[^a-zA-Z0-9]\/.test(t.secret)){for(var s,r,n,a=l.querySelectorAll('iframe[data-secret=\"'+t.secret+'\"]'),o=l.querySelectorAll('blockquote[data-secret=\"'+t.secret+'\"]'),c=new RegExp(\"^https?:$\",\"i\"),i=0;i<o.length;i++)o[i].style.display=\"none\";for(i=0;i<a.length;i++)s=a[i],e.source===s.contentWindow&&(s.removeAttribute(\"style\"),\"height\"===t.message?(1e3<(r=parseInt(t.value,10))?r=1e3:~~r<200&&(r=200),s.height=r):\"link\"===t.message&&(r=new URL(s.getAttribute(\"src\")),n=new URL(t.value),c.test(n.protocol))&&n.host===r.host&&l.activeElement===s&&(d.top.location.href=t.value))}},d.addEventListener(\"message\",d.wp.receiveEmbedMessage,!1),l.addEventListener(\"DOMContentLoaded\",function(){for(var e,t,s=l.querySelectorAll(\"iframe.wp-embedded-content\"),r=0;r<s.length;r++)(t=(e=s[r]).getAttribute(\"data-secret\"))||(t=Math.random().toString(36).substring(2,12),e.src+=\"#?secret=\"+t,e.setAttribute(\"data-secret\",t)),e.contentWindow.postMessage({message:\"ready\",secret:t},\"*\")},!1)))}(window,document);\n\/\/# sourceURL=https:\/\/alambicproduction.com\/wp-includes\/js\/wp-embed.min.js\n\/* ]]> *\/\n<\/script>\n","thumbnail_url":"https:\/\/alambicproduction.com\/wp-content\/uploads\/2023\/12\/IMG_0934.jpg","thumbnail_width":2304,"thumbnail_height":1296,"description":"Du 30 septembre 2021 au 24 avril 2022, le Mus\u00e9e des Arts D\u00e9coratifs pr\u00e9sente Thierry Mugler, Couturissime. Initi\u00e9e, produite et mise en circulation par le Mus\u00e9e des Beaux-Arts de Montr\u00e9al (MBAM) en 2019, cette exposition majeure et in\u00e9dite retracera l&rsquo;\u0153uvre de Thierry Mugler, un artiste singulier qui a r\u00e9volutionn\u00e9 les mondes de la mode, de [&hellip;]"}